{"id":132,"date":"2022-04-23T14:20:21","date_gmt":"2022-04-23T12:20:21","guid":{"rendered":"https:\/\/kwdf.info\/?page_id=132"},"modified":"2022-04-26T16:06:29","modified_gmt":"2022-04-26T14:06:29","slug":"s5","status":"publish","type":"page","link":"https:\/\/www.fcstpauli-museum.de\/kwdfi\/s5\/","title":{"rendered":"Weingut Fogt | Secco"},"content":{"rendered":"<!--themify_builder_content-->\n<div id=\"themify_builder_content-132\" data-postid=\"132\" class=\"themify_builder_content themify_builder_content-132 themify_builder tf_clear\">\n                    <div  data-lazy=\"1\" class=\"module_row themify_builder_row tb_bgl3251 tb_first tf_w\">\n                        <div class=\"row_inner col_align_top tb_col_count_1 tf_box tf_rel\">\n                        <div  data-lazy=\"1\" class=\"module_column tb-column col-full tb_8lo3252 first\">\n                    <!-- module text -->\n<div  class=\"module module-text tb_1ukt60   \" data-lazy=\"1\">\n        <div  class=\"tb_text_wrap\">\n        <h1>Weingut Fogt | Winzer-Secco<\/h1>    <\/div>\n<\/div>\n<!-- \/module text -->        <\/div>\n                        <\/div>\n        <\/div>\n                        <div  data-lazy=\"1\" class=\"module_row themify_builder_row tb_rkju919 tf_w\">\n                        <div class=\"row_inner col_align_top tb_col_count_1 tf_box tf_rel\">\n                        <div  data-lazy=\"1\" class=\"module_column tb-column col-full tb_s5pt921 first\">\n                            <div  data-lazy=\"1\" class=\"module_subrow themify_builder_sub_row tf_w col_align_top tb_col_count_2 tb_lsdr19\">\n                <div  data-lazy=\"1\" class=\"module_column sub_column col2-1 tb_df2d19 first\">\n                    <!-- module image -->\n<div  class=\"module module-image tb_wfpp221 image-left   tf_mw\" data-lazy=\"1\">\n        <div class=\"image-wrap tf_rel tf_mw\">\n            <img loading=\"lazy\" decoding=\"async\" width=\"1704\" height=\"2560\" src=\"https:\/\/www.fcstpauli-museum.de\/kwdfi\/wp-content\/uploads\/sites\/24\/2022\/04\/SAH_3969av-scaled.jpg\" class=\"wp-post-image wp-image-149\" title=\"SAH_3969av\" alt=\"SAH_3969av\" srcset=\"https:\/\/www.fcstpauli-museum.de\/kwdfi\/wp-content\/uploads\/sites\/24\/2022\/04\/SAH_3969av-scaled.jpg 1704w, https:\/\/www.fcstpauli-museum.de\/kwdfi\/wp-content\/uploads\/sites\/24\/2022\/04\/SAH_3969av-200x300.jpg 200w, https:\/\/www.fcstpauli-museum.de\/kwdfi\/wp-content\/uploads\/sites\/24\/2022\/04\/SAH_3969av-682x1024.jpg 682w, https:\/\/www.fcstpauli-museum.de\/kwdfi\/wp-content\/uploads\/sites\/24\/2022\/04\/SAH_3969av-768x1154.jpg 768w, https:\/\/www.fcstpauli-museum.de\/kwdfi\/wp-content\/uploads\/sites\/24\/2022\/04\/SAH_3969av-1022x1536.jpg 1022w, https:\/\/www.fcstpauli-museum.de\/kwdfi\/wp-content\/uploads\/sites\/24\/2022\/04\/SAH_3969av-1363x2048.jpg 1363w\" sizes=\"auto, (max-width: 1704px) 100vw, 1704px\" \/>    \n        <\/div>\n    <!-- \/image-wrap -->\n    \n        <\/div>\n<!-- \/module image -->        <\/div>\n                    <div  data-lazy=\"1\" class=\"module_column sub_column col2-1 tb_3q7819 last\">\n                    <!-- module text -->\n<div  class=\"module module-text tb_18wf212   \" data-lazy=\"1\">\n        <div  class=\"tb_text_wrap\">\n        <h2>Der Secco<\/h2>    <\/div>\n<\/div>\n<!-- \/module text --><!-- module text -->\n<div  class=\"module module-text tb_kl0v780   \" data-lazy=\"1\">\n        <div  class=\"tb_text_wrap\">\n        <p>Ein runder Winzer-Secco aus Rheinhessen, der richtig Spa\u00df macht und auf den sich viele einigen k\u00f6nnen: ausbalanciert, feinperlig, zug\u00e4nglich. Der perfekte Begleiter f\u00fcr alle gro\u00dfen und kleinen Feste \u2013 egal wie sie fallen.<\/p>\n<p><b>Rebsorten: 34% Silvaner, 33% Scheurebe und 33% M\u00fcller-Thurgau.<\/b><\/p>    <\/div>\n<\/div>\n<!-- \/module text --><!-- module text -->\n<div  class=\"module module-text tb_5a99957   \" data-lazy=\"1\">\n        <div  class=\"tb_text_wrap\">\n        <h2>Der Winzer<\/h2>    <\/div>\n<\/div>\n<!-- \/module text --><!-- module text -->\n<div  class=\"module module-text tb_39wj869   \" data-lazy=\"1\">\n        <div  class=\"tb_text_wrap\">\n        <p>Das Familienweingut von Georg Fogt in Badenheim liegt an der westlichen Grenze Rheinhessens, an der Pforte zur rheinhessischen Schweiz. Die Verschiedenheit der B\u00f6den und damit die Charaktervielfalt der Weine ist in der Region einmalig.<span class=\"Apple-converted-space\">\u00a0<\/span><\/p>\n<p>Mit viel Geduld, Ruhe und Leidenschaft stellen Georg Fogt und seine Frau Anna-Maria seit Jahren besonders reife und ausgewogene Weine her \u2013 teils fruchtig, teils mineralisch, immer harmonisch. \u00a0<\/p>\n<p>Georg Fogt unterst\u00fctzt unser Weinfest gegen Rassismus seit der ersten Stunde. Und von keinem Winzer wurde in unserer Spieltags-Weinbar bisher mehr Wein und Secco verkauft als von Fogt.<\/p>    <\/div>\n<\/div>\n<!-- \/module text -->        <\/div>\n                    <\/div>\n                <\/div>\n                        <\/div>\n        <\/div>\n                        <div  data-lazy=\"1\" class=\"module_row themify_builder_row tb_trxa124 tf_w\">\n                        <div class=\"row_inner col_align_top tb_col_count_1 tf_box tf_rel\">\n                        <div  data-lazy=\"1\" class=\"module_column tb-column col-full tb_20rb126 first\">\n                    <!-- module text -->\n<div  class=\"module module-text tb_r4k761   \" data-lazy=\"1\">\n        <div  class=\"tb_text_wrap\">\n        <h2>Der gute Zweck<\/h2>    <\/div>\n<\/div>\n<!-- \/module text --><!-- module text -->\n<div  class=\"module module-text tb_o6gm900   \" data-lazy=\"1\">\n        <div  class=\"tb_text_wrap\">\n        <p>Politik und (Perl-)Wein: Das geh\u00f6rt f\u00fcr uns ebenso zusammen wie Politik und Fu\u00dfball. Dabei geht es uns nicht um Details zwischen Richtlinien und Reform. Sondern ums Ganze.<\/p>\n<p><strong>Wo Politik draufsteht, ist auch politische Bildung drin.<\/strong>\u00a0Das gilt f\u00fcr den Verkauf unserer Produkte \u00fcber eigene Kan\u00e4le und den Einzelhandel ebenso wie f\u00fcr den Ausschank in der Gastronomie. Denn auch die Gastro-Konditionen beinhalten eine Spende f\u00fcr antirassistische Projekte.<\/p>\n<p>All das folgt der \u00dcberzeugung, dass Demokratie mit all ihren Handlungsoptionen keine Selbstverst\u00e4ndlichkeit ist. Sondern ein gesellschaftlich erk\u00e4mpfter und letztlich fragiler Zustand. Er kann gewonnen werden. Aber auch verloren.<\/p>    <\/div>\n<\/div>\n<!-- \/module text --><!-- module text -->\n<div  class=\"module module-text tb_0ei2707   \" data-lazy=\"1\">\n        <div  class=\"tb_text_wrap\">\n        <h2>Was gef\u00f6rdert wird<\/h2>    <\/div>\n<\/div>\n<!-- \/module text --><!-- module text -->\n<div  class=\"module module-text tb_v57h987   \" data-lazy=\"1\">\n        <div  class=\"tb_text_wrap\">\n        <p>Kein Wein den Faschisten ist ein Projekt des FC St. Pauli-Museums. Das FC St. Pauli-Museum wird samt der 1910-Weinbar betrieben vom gemeinn\u00fctzigen<a href=\"https:\/\/www.fcstpauli-museum.de\/1910ev\/\" target=\"_blank\" rel=\"noopener\">\u00a01910 \u2013 Museum f\u00fcr den FC St. Pauli e.V.<\/a>\u00a0Unsere Kernkompetenz liegt in der politischen Bildung und Vermittlung.<\/p>\n<p>Das leben wir nicht nur in unseren Ausstellungen und Aktionen. Sondern ganz wesentlich auch in den Workshops unseres au\u00dferschulischen Lernorts\u00a0<a href=\"https:\/\/www.bildung-am-millerntor.de\/#home\" target=\"_blank\" rel=\"noopener\">BAM \u2013 Bildung am Millerntor<\/a>\u00a0zu gruppenbezogener Menschenfeindlichkeit, zur kritischen Aufarbeitung und Kommunikation der Geschichte des\u00a0<a href=\"http:\/\/www.fcstpauli-drittes-reich.de\/\" target=\"_blank\" rel=\"noopener\">FC St. Pauli in der NS-Zeit<\/a>\u00a0und der damit verbundenen Kontinuit\u00e4ten, zum Kampf gegen Rechts und Diskriminierung.<\/p>\n<p>Neben eigenen Projekten f\u00f6rdern wir auch externe Gruppen und Organisationen. Ein Schwerpunkt liegt auf antirassistischen Projekten aus Verein und Viertel.<\/p>    <\/div>\n<\/div>\n<!-- \/module text --><!-- module text -->\n<div  class=\"module module-text tb_9va5907   \" data-lazy=\"1\">\n        <div  class=\"tb_text_wrap\">\n        <h2>Wo kaufen<\/h2>    <\/div>\n<\/div>\n<!-- \/module text --><!-- module text -->\n<div  class=\"module module-text tb_ojwj907   \" data-lazy=\"1\">\n        <div  class=\"tb_text_wrap\">\n        <p>Alle Optionen unter <a href=\"https:\/\/www.keinweindenfaschisten.de\/kaufen-und-trinken\" target=\"_blank\" rel=\"noopener\">Kein Wein den Faschisten &#8211; Kaufen und trinken<\/a>.<\/p>\n<p>Diesen Secco kann man auch direkt online bei <a href=\"http:\/\/www.rindchen.de\/kwdf\" target=\"_blank\" rel=\"noopener\">Rindchen&#8217;s Weinkontor<\/a> bestellen.\u00a0<\/p>    <\/div>\n<\/div>\n<!-- \/module text --><!-- module image -->\n<div  class=\"module module-image tb_qd0d203 image-top   tf_mw\" data-lazy=\"1\">\n        <div class=\"image-wrap tf_rel tf_mw\">\n            <a href=\"https:\/\/www.keinweindenfaschisten.de\/weine\/\" rel=\"noopener\" target=\"_blank\">\n                   <img loading=\"lazy\" decoding=\"async\" width=\"1924\" height=\"720\" src=\"https:\/\/www.fcstpauli-museum.de\/kwdfi\/wp-content\/uploads\/sites\/24\/2021\/06\/SAH_1211_1924x720px.jpg\" class=\"wp-post-image wp-image-65\" title=\"Unsere anderen Weine\" alt=\"Unsere anderen Weine\" srcset=\"https:\/\/www.fcstpauli-museum.de\/kwdfi\/wp-content\/uploads\/sites\/24\/2021\/06\/SAH_1211_1924x720px.jpg 1924w, https:\/\/www.fcstpauli-museum.de\/kwdfi\/wp-content\/uploads\/sites\/24\/2021\/06\/SAH_1211_1924x720px-300x112.jpg 300w, https:\/\/www.fcstpauli-museum.de\/kwdfi\/wp-content\/uploads\/sites\/24\/2021\/06\/SAH_1211_1924x720px-1024x383.jpg 1024w, https:\/\/www.fcstpauli-museum.de\/kwdfi\/wp-content\/uploads\/sites\/24\/2021\/06\/SAH_1211_1924x720px-768x287.jpg 768w, https:\/\/www.fcstpauli-museum.de\/kwdfi\/wp-content\/uploads\/sites\/24\/2021\/06\/SAH_1211_1924x720px-1536x575.jpg 1536w\" sizes=\"auto, (max-width: 1924px) 100vw, 1924px\" \/>        <\/a>\n    \n        <\/div>\n    <!-- \/image-wrap -->\n    \n        <div class=\"image-content\">\n                    <h3 class=\"image-title\">\n                                    <a href=\"https:\/\/www.keinweindenfaschisten.de\/weine\/\" rel=\"noopener\" target=\"_blank\">\n                        Unsere anderen Weine                    <\/a>\n                            <\/h3>\n                    <\/div>\n    <!-- \/image-content -->\n        <\/div>\n<!-- \/module image -->        <div  data-lazy=\"1\" class=\"module_subrow themify_builder_sub_row tf_w col_align_top tb_col_count_3 tb_ou3f863\">\n                <div  data-lazy=\"1\" class=\"module_column sub_column col3-1 tb_iwm8865 first\">\n                            <\/div>\n                    <div  data-lazy=\"1\" class=\"module_column sub_column col3-1 tb_hb1c866\">\n                            <\/div>\n                    <div  data-lazy=\"1\" class=\"module_column sub_column col3-1 tb_kzft866 last\">\n                            <\/div>\n                    <\/div>\n                <\/div>\n                        <\/div>\n        <\/div>\n        <\/div>\n<!--\/themify_builder_content-->","protected":false},"excerpt":{"rendered":"<p>Weingut Fogt | Winzer-Secco Der Secco Ein runder Winzer-Secco aus Rheinhessen, der richtig Spa\u00df macht und auf den sich viele einigen k\u00f6nnen: ausbalanciert, feinperlig, zug\u00e4nglich. Der perfekte Begleiter f\u00fcr alle [&hellip;]<\/p>\n","protected":false},"author":289,"featured_media":0,"parent":0,"menu_order":0,"comment_status":"closed","ping_status":"closed","template":"","meta":{"_acf_changed":false,"footnotes":""},"class_list":["post-132","page","type-page","status-publish","hentry","has-post-title","has-post-date","has-post-category","has-post-tag","has-post-comment","has-post-author",""],"acf":[],"yoast_head":"<!-- This site is optimized with the Yoast SEO plugin v26.6 - https:\/\/yoast.com\/wordpress\/plugins\/seo\/ -->\n<title>Weingut Fogt | Secco - KEIN WEIN DEN FASCHISTEN<\/title>\n<meta name=\"robots\" content=\"index, follow, max-snippet:-1, max-image-preview:large, max-video-preview:-1\" \/>\n<link rel=\"canonical\" href=\"https:\/\/www.fcstpauli-museum.de\/kwdfi\/s5\/\" \/>\n<meta property=\"og:locale\" content=\"de_DE\" \/>\n<meta property=\"og:type\" content=\"article\" \/>\n<meta property=\"og:title\" content=\"Weingut Fogt | Secco - KEIN WEIN DEN FASCHISTEN\" \/>\n<meta property=\"og:description\" content=\"Weingut Fogt | Winzer-Secco Der Secco Ein runder Winzer-Secco aus Rheinhessen, der richtig Spa\u00df macht und auf den sich viele einigen k\u00f6nnen: ausbalanciert, feinperlig, zug\u00e4nglich. Der perfekte Begleiter f\u00fcr alle [&hellip;]\" \/>\n<meta property=\"og:url\" content=\"https:\/\/www.fcstpauli-museum.de\/kwdfi\/s5\/\" \/>\n<meta property=\"og:site_name\" content=\"KEIN WEIN DEN FASCHISTEN\" \/>\n<meta property=\"article:modified_time\" content=\"2022-04-26T14:06:29+00:00\" \/>\n<meta property=\"og:image\" content=\"https:\/\/www.fcstpauli-museum.de\/kwdfi\/wp-content\/uploads\/sites\/24\/2022\/04\/SAH_3969av-scaled.jpg\" \/>\n<meta name=\"twitter:card\" content=\"summary_large_image\" \/>\n<meta name=\"twitter:label1\" content=\"Gesch\u00e4tzte Lesezeit\" \/>\n\t<meta name=\"twitter:data1\" content=\"2\u00a0Minuten\" \/>\n<script type=\"application\/ld+json\" class=\"yoast-schema-graph\">{\"@context\":\"https:\/\/schema.org\",\"@graph\":[{\"@type\":\"WebPage\",\"@id\":\"https:\/\/www.fcstpauli-museum.de\/kwdfi\/s5\/\",\"url\":\"https:\/\/www.fcstpauli-museum.de\/kwdfi\/s5\/\",\"name\":\"Weingut Fogt | Secco - KEIN WEIN DEN FASCHISTEN\",\"isPartOf\":{\"@id\":\"https:\/\/www.fcstpauli-museum.de\/kwdfi\/#website\"},\"primaryImageOfPage\":{\"@id\":\"https:\/\/www.fcstpauli-museum.de\/kwdfi\/s5\/#primaryimage\"},\"image\":{\"@id\":\"https:\/\/www.fcstpauli-museum.de\/kwdfi\/s5\/#primaryimage\"},\"thumbnailUrl\":\"https:\/\/www.fcstpauli-museum.de\/kwdfi\/wp-content\/uploads\/sites\/24\/2022\/04\/SAH_3969av-scaled.jpg\",\"datePublished\":\"2022-04-23T12:20:21+00:00\",\"dateModified\":\"2022-04-26T14:06:29+00:00\",\"breadcrumb\":{\"@id\":\"https:\/\/www.fcstpauli-museum.de\/kwdfi\/s5\/#breadcrumb\"},\"inLanguage\":\"de\",\"potentialAction\":[{\"@type\":\"ReadAction\",\"target\":[\"https:\/\/www.fcstpauli-museum.de\/kwdfi\/s5\/\"]}]},{\"@type\":\"ImageObject\",\"inLanguage\":\"de\",\"@id\":\"https:\/\/www.fcstpauli-museum.de\/kwdfi\/s5\/#primaryimage\",\"url\":\"https:\/\/www.fcstpauli-museum.de\/kwdfi\/wp-content\/uploads\/sites\/24\/2022\/04\/SAH_3969av-scaled.jpg\",\"contentUrl\":\"https:\/\/www.fcstpauli-museum.de\/kwdfi\/wp-content\/uploads\/sites\/24\/2022\/04\/SAH_3969av-scaled.jpg\",\"width\":1704,\"height\":2560},{\"@type\":\"BreadcrumbList\",\"@id\":\"https:\/\/www.fcstpauli-museum.de\/kwdfi\/s5\/#breadcrumb\",\"itemListElement\":[{\"@type\":\"ListItem\",\"position\":1,\"name\":\"Start\",\"item\":\"https:\/\/www.fcstpauli-museum.de\/kwdfi\/\"},{\"@type\":\"ListItem\",\"position\":2,\"name\":\"Weingut Fogt | Secco\"}]},{\"@type\":\"WebSite\",\"@id\":\"https:\/\/www.fcstpauli-museum.de\/kwdfi\/#website\",\"url\":\"https:\/\/www.fcstpauli-museum.de\/kwdfi\/\",\"name\":\"KEIN WEIN DEN FASCHISTEN\",\"description\":\"Eine weitere Blog 1910 Museum f\u00fcr den FC St. Pauli e.V. Sites Website\",\"potentialAction\":[{\"@type\":\"SearchAction\",\"target\":{\"@type\":\"EntryPoint\",\"urlTemplate\":\"https:\/\/www.fcstpauli-museum.de\/kwdfi\/?s={search_term_string}\"},\"query-input\":{\"@type\":\"PropertyValueSpecification\",\"valueRequired\":true,\"valueName\":\"search_term_string\"}}],\"inLanguage\":\"de\"}]}<\/script>\n<!-- \/ Yoast SEO plugin. -->","yoast_head_json":{"title":"Weingut Fogt | Secco - KEIN WEIN DEN FASCHISTEN","robots":{"index":"index","follow":"follow","max-snippet":"max-snippet:-1","max-image-preview":"max-image-preview:large","max-video-preview":"max-video-preview:-1"},"canonical":"https:\/\/www.fcstpauli-museum.de\/kwdfi\/s5\/","og_locale":"de_DE","og_type":"article","og_title":"Weingut Fogt | Secco - KEIN WEIN DEN FASCHISTEN","og_description":"Weingut Fogt | Winzer-Secco Der Secco Ein runder Winzer-Secco aus Rheinhessen, der richtig Spa\u00df macht und auf den sich viele einigen k\u00f6nnen: ausbalanciert, feinperlig, zug\u00e4nglich. Der perfekte Begleiter f\u00fcr alle [&hellip;]","og_url":"https:\/\/www.fcstpauli-museum.de\/kwdfi\/s5\/","og_site_name":"KEIN WEIN DEN FASCHISTEN","article_modified_time":"2022-04-26T14:06:29+00:00","og_image":[{"url":"https:\/\/www.fcstpauli-museum.de\/kwdfi\/wp-content\/uploads\/sites\/24\/2022\/04\/SAH_3969av-scaled.jpg","type":"","width":"","height":""}],"twitter_card":"summary_large_image","twitter_misc":{"Gesch\u00e4tzte Lesezeit":"2\u00a0Minuten"},"schema":{"@context":"https:\/\/schema.org","@graph":[{"@type":"WebPage","@id":"https:\/\/www.fcstpauli-museum.de\/kwdfi\/s5\/","url":"https:\/\/www.fcstpauli-museum.de\/kwdfi\/s5\/","name":"Weingut Fogt | Secco - KEIN WEIN DEN FASCHISTEN","isPartOf":{"@id":"https:\/\/www.fcstpauli-museum.de\/kwdfi\/#website"},"primaryImageOfPage":{"@id":"https:\/\/www.fcstpauli-museum.de\/kwdfi\/s5\/#primaryimage"},"image":{"@id":"https:\/\/www.fcstpauli-museum.de\/kwdfi\/s5\/#primaryimage"},"thumbnailUrl":"https:\/\/www.fcstpauli-museum.de\/kwdfi\/wp-content\/uploads\/sites\/24\/2022\/04\/SAH_3969av-scaled.jpg","datePublished":"2022-04-23T12:20:21+00:00","dateModified":"2022-04-26T14:06:29+00:00","breadcrumb":{"@id":"https:\/\/www.fcstpauli-museum.de\/kwdfi\/s5\/#breadcrumb"},"inLanguage":"de","potentialAction":[{"@type":"ReadAction","target":["https:\/\/www.fcstpauli-museum.de\/kwdfi\/s5\/"]}]},{"@type":"ImageObject","inLanguage":"de","@id":"https:\/\/www.fcstpauli-museum.de\/kwdfi\/s5\/#primaryimage","url":"https:\/\/www.fcstpauli-museum.de\/kwdfi\/wp-content\/uploads\/sites\/24\/2022\/04\/SAH_3969av-scaled.jpg","contentUrl":"https:\/\/www.fcstpauli-museum.de\/kwdfi\/wp-content\/uploads\/sites\/24\/2022\/04\/SAH_3969av-scaled.jpg","width":1704,"height":2560},{"@type":"BreadcrumbList","@id":"https:\/\/www.fcstpauli-museum.de\/kwdfi\/s5\/#breadcrumb","itemListElement":[{"@type":"ListItem","position":1,"name":"Start","item":"https:\/\/www.fcstpauli-museum.de\/kwdfi\/"},{"@type":"ListItem","position":2,"name":"Weingut Fogt | Secco"}]},{"@type":"WebSite","@id":"https:\/\/www.fcstpauli-museum.de\/kwdfi\/#website","url":"https:\/\/www.fcstpauli-museum.de\/kwdfi\/","name":"KEIN WEIN DEN FASCHISTEN","description":"Eine weitere Blog 1910 Museum f\u00fcr den FC St. Pauli e.V. Sites Website","potentialAction":[{"@type":"SearchAction","target":{"@type":"EntryPoint","urlTemplate":"https:\/\/www.fcstpauli-museum.de\/kwdfi\/?s={search_term_string}"},"query-input":{"@type":"PropertyValueSpecification","valueRequired":true,"valueName":"search_term_string"}}],"inLanguage":"de"}]}},"_links":{"self":[{"href":"https:\/\/www.fcstpauli-museum.de\/kwdfi\/wp-json\/wp\/v2\/pages\/132","targetHints":{"allow":["GET"]}}],"collection":[{"href":"https:\/\/www.fcstpauli-museum.de\/kwdfi\/wp-json\/wp\/v2\/pages"}],"about":[{"href":"https:\/\/www.fcstpauli-museum.de\/kwdfi\/wp-json\/wp\/v2\/types\/page"}],"author":[{"embeddable":true,"href":"https:\/\/www.fcstpauli-museum.de\/kwdfi\/wp-json\/wp\/v2\/users\/289"}],"replies":[{"embeddable":true,"href":"https:\/\/www.fcstpauli-museum.de\/kwdfi\/wp-json\/wp\/v2\/comments?post=132"}],"version-history":[{"count":26,"href":"https:\/\/www.fcstpauli-museum.de\/kwdfi\/wp-json\/wp\/v2\/pages\/132\/revisions"}],"predecessor-version":[{"id":161,"href":"https:\/\/www.fcstpauli-museum.de\/kwdfi\/wp-json\/wp\/v2\/pages\/132\/revisions\/161"}],"wp:attachment":[{"href":"https:\/\/www.fcstpauli-museum.de\/kwdfi\/wp-json\/wp\/v2\/media?parent=132"}],"curies":[{"name":"wp","href":"https:\/\/api.w.org\/{rel}","templated":true}]}}